{"id":9,"date":"2020-10-10T14:16:46","date_gmt":"2020-10-10T12:16:46","guid":{"rendered":"http:\/\/salonceline.fr\/?page_id=9"},"modified":"2020-11-25T18:41:28","modified_gmt":"2020-11-25T17:41:28","slug":"nos-realisations-salon-celine-montreuil-sur-mer","status":"publish","type":"page","link":"https:\/\/salonceline.fr\/?page_id=9","title":{"rendered":"Nos R\u00e9alisations"},"content":{"rendered":"\n<p class=\"has-text-align-center\"><strong><span style=\"color:#03628c\" class=\"has-inline-color\">D\u00e9couvrez un \u00e9chantillon de nos r\u00e9alisations : chignons, couleurs, brushings&#8230;<\/span><\/strong><\/p>\n\n\n\n<p><\/p>\n\n\n\n<p><\/p>\n\n\n\n<div class=\"wp-block-image\"><figure class=\"aligncenter size-full is-resized\"><img loading=\"lazy\" src=\"https:\/\/salonceline.fr\/wp-content\/uploads\/2020\/11\/Screenshot_20200905_111157_com.facebook.katana-edited.jpg\" alt=\"M\u00e8ches WELLA\" class=\"wp-image-154\" width=\"342\" height=\"342\" srcset=\"https:\/\/salonceline.fr\/wp-content\/uploads\/2020\/11\/Screenshot_20200905_111157_com.facebook.katana-edited.jpg 1080w, https:\/\/salonceline.fr\/wp-content\/uploads\/2020\/11\/Screenshot_20200905_111157_com.facebook.katana-edited-300x300.jpg 300w, https:\/\/salonceline.fr\/wp-content\/uploads\/2020\/11\/Screenshot_20200905_111157_com.facebook.katana-edited-1024x1024.jpg 1024w, https:\/\/salonceline.fr\/wp-content\/uploads\/2020\/11\/Screenshot_20200905_111157_com.facebook.katana-edited-150x150.jpg 150w, https:\/\/salonceline.fr\/wp-content\/uploads\/2020\/11\/Screenshot_20200905_111157_com.facebook.katana-edited-768x768.jpg 768w, https:\/\/salonceline.fr\/wp-content\/uploads\/2020\/11\/Screenshot_20200905_111157_com.facebook.katana-edited-510x510.jpg 510w\" sizes=\"(max-width: 342px) 100vw, 342px\" \/><figcaption>M\u00e8ches WELLA &#8211; Coiffage Waivy<\/figcaption><\/figure><\/div>\n\n\n\n<div class=\"wp-block-image\"><figure class=\"aligncenter size-large is-resized\"><img loading=\"lazy\" src=\"https:\/\/salonceline.fr\/wp-content\/uploads\/2020\/11\/Screenshot_20200905_111250_com.facebook.katana-edited.jpg\" alt=\"Painting\" class=\"wp-image-198\" width=\"526\" height=\"526\" srcset=\"https:\/\/salonceline.fr\/wp-content\/uploads\/2020\/11\/Screenshot_20200905_111250_com.facebook.katana-edited.jpg 1080w, https:\/\/salonceline.fr\/wp-content\/uploads\/2020\/11\/Screenshot_20200905_111250_com.facebook.katana-edited-300x300.jpg 300w, https:\/\/salonceline.fr\/wp-content\/uploads\/2020\/11\/Screenshot_20200905_111250_com.facebook.katana-edited-1024x1024.jpg 1024w, https:\/\/salonceline.fr\/wp-content\/uploads\/2020\/11\/Screenshot_20200905_111250_com.facebook.katana-edited-150x150.jpg 150w, https:\/\/salonceline.fr\/wp-content\/uploads\/2020\/11\/Screenshot_20200905_111250_com.facebook.katana-edited-768x768.jpg 768w, https:\/\/salonceline.fr\/wp-content\/uploads\/2020\/11\/Screenshot_20200905_111250_com.facebook.katana-edited-510x510.jpg 510w\" sizes=\"(max-width: 526px) 100vw, 526px\" \/><figcaption>Painting \/ Coffage Waivy &#8211; Salon C\u00e9line Fasquelle<\/figcaption><\/figure><\/div>\n\n\n\n<div class=\"wp-block-image\"><figure class=\"aligncenter size-large is-resized\"><img loading=\"lazy\" src=\"http:\/\/salonceline.fr\/wp-content\/uploads\/2020\/11\/IMG_20201008_111622_resized_20201123_105159282.jpg\" alt=\"Coloration\" class=\"wp-image-148\" width=\"452\" height=\"603\" srcset=\"https:\/\/salonceline.fr\/wp-content\/uploads\/2020\/11\/IMG_20201008_111622_resized_20201123_105159282.jpg 744w, https:\/\/salonceline.fr\/wp-content\/uploads\/2020\/11\/IMG_20201008_111622_resized_20201123_105159282-225x300.jpg 225w\" sizes=\"(max-width: 452px) 100vw, 452px\" \/><figcaption>Coloration WELLA avec effet m\u00each\u00e9<\/figcaption><\/figure><\/div>\n\n\n\n<div class=\"wp-block-image\"><figure class=\"aligncenter size-large is-resized\"><img loading=\"lazy\" src=\"http:\/\/salonceline.fr\/wp-content\/uploads\/2020\/11\/IMG_20200922_140802_resized_20201124_090533804.jpg\" alt=\"Coloration v\u00e9g\u00e9tale\" class=\"wp-image-146\" width=\"378\" height=\"504\" srcset=\"https:\/\/salonceline.fr\/wp-content\/uploads\/2020\/11\/IMG_20200922_140802_resized_20201124_090533804.jpg 744w, https:\/\/salonceline.fr\/wp-content\/uploads\/2020\/11\/IMG_20200922_140802_resized_20201124_090533804-225x300.jpg 225w\" sizes=\"(max-width: 378px) 100vw, 378px\" \/><figcaption>Coloration v\u00e9g\u00e9tale &#8211; Curcuma &#8211; Salon C\u00e9line Fasquelle<\/figcaption><\/figure><\/div>\n\n\n\n<figure class=\"wp-block-gallery columns-2 is-cropped\"><ul class=\"blocks-gallery-grid\"><li class=\"blocks-gallery-item\"><figure><img loading=\"lazy\" width=\"1024\" height=\"1024\" src=\"http:\/\/salonceline.fr\/wp-content\/uploads\/2020\/11\/IMG_20200905_132325_272-1024x1024.jpg\" alt=\"\" data-id=\"145\" data-full-url=\"http:\/\/salonceline.fr\/wp-content\/uploads\/2020\/11\/IMG_20200905_132325_272.jpg\" data-link=\"http:\/\/salonceline.fr\/?attachment_id=145\" class=\"wp-image-145\" srcset=\"https:\/\/salonceline.fr\/wp-content\/uploads\/2020\/11\/IMG_20200905_132325_272-1024x1024.jpg 1024w, https:\/\/salonceline.fr\/wp-content\/uploads\/2020\/11\/IMG_20200905_132325_272-300x300.jpg 300w, https:\/\/salonceline.fr\/wp-content\/uploads\/2020\/11\/IMG_20200905_132325_272-150x150.jpg 150w, https:\/\/salonceline.fr\/wp-content\/uploads\/2020\/11\/IMG_20200905_132325_272-768x768.jpg 768w, https:\/\/salonceline.fr\/wp-content\/uploads\/2020\/11\/IMG_20200905_132325_272-510x510.jpg 510w, https:\/\/salonceline.fr\/wp-content\/uploads\/2020\/11\/IMG_20200905_132325_272.jpg 1080w\" sizes=\"(max-width: 1024px) 100vw, 1024px\" \/><figcaption class=\"blocks-gallery-item__caption\">Jolie demoiselle d&rsquo;honneur &#8230;<\/figcaption><\/figure><\/li><li class=\"blocks-gallery-item\"><figure><img loading=\"lazy\" width=\"720\" height=\"960\" src=\"http:\/\/salonceline.fr\/wp-content\/uploads\/2020\/11\/117386533_2723357454551051_8216586711469064053_n.jpg\" alt=\"nos r\u00e9alisations Salon C\u00e9line\" data-id=\"80\" data-full-url=\"http:\/\/salonceline.fr\/wp-content\/uploads\/2020\/11\/117386533_2723357454551051_8216586711469064053_n.jpg\" data-link=\"http:\/\/salonceline.fr\/?attachment_id=80\" class=\"wp-image-80\" srcset=\"https:\/\/salonceline.fr\/wp-content\/uploads\/2020\/11\/117386533_2723357454551051_8216586711469064053_n.jpg 720w, https:\/\/salonceline.fr\/wp-content\/uploads\/2020\/11\/117386533_2723357454551051_8216586711469064053_n-225x300.jpg 225w\" sizes=\"(max-width: 720px) 100vw, 720px\" \/><figcaption class=\"blocks-gallery-item__caption\">Chignon mariage Salon C\u00e9line Fasquelle<\/figcaption><\/figure><\/li><\/ul><\/figure>\n\n\n\n<figure class=\"wp-block-gallery columns-2 is-cropped\"><ul class=\"blocks-gallery-grid\"><li class=\"blocks-gallery-item\"><figure><img loading=\"lazy\" width=\"744\" height=\"992\" src=\"http:\/\/salonceline.fr\/wp-content\/uploads\/2020\/11\/IMG_20201003_122444_resized_20201123_013331769.jpg\" alt=\"\" data-id=\"147\" data-full-url=\"http:\/\/salonceline.fr\/wp-content\/uploads\/2020\/11\/IMG_20201003_122444_resized_20201123_013331769.jpg\" data-link=\"http:\/\/salonceline.fr\/?attachment_id=147\" class=\"wp-image-147\" srcset=\"https:\/\/salonceline.fr\/wp-content\/uploads\/2020\/11\/IMG_20201003_122444_resized_20201123_013331769.jpg 744w, https:\/\/salonceline.fr\/wp-content\/uploads\/2020\/11\/IMG_20201003_122444_resized_20201123_013331769-225x300.jpg 225w\" sizes=\"(max-width: 744px) 100vw, 744px\" \/><figcaption class=\"blocks-gallery-item__caption\">Balayage avec patine \/ Coupe courte &#8211; Salon C\u00e9line Fasquelle<\/figcaption><\/figure><\/li><li class=\"blocks-gallery-item\"><figure><img loading=\"lazy\" width=\"744\" height=\"992\" src=\"http:\/\/salonceline.fr\/wp-content\/uploads\/2020\/11\/IMG_20200314_133633_resized_20201124_090856825.jpg\" alt=\"Balayages avec et sans patine\" data-id=\"151\" data-full-url=\"http:\/\/salonceline.fr\/wp-content\/uploads\/2020\/11\/IMG_20200314_133633_resized_20201124_090856825.jpg\" data-link=\"http:\/\/salonceline.fr\/?attachment_id=151\" class=\"wp-image-151\" srcset=\"https:\/\/salonceline.fr\/wp-content\/uploads\/2020\/11\/IMG_20200314_133633_resized_20201124_090856825.jpg 744w, https:\/\/salonceline.fr\/wp-content\/uploads\/2020\/11\/IMG_20200314_133633_resized_20201124_090856825-225x300.jpg 225w\" sizes=\"(max-width: 744px) 100vw, 744px\" \/><figcaption class=\"blocks-gallery-item__caption\">Balayage simple &#8211; Salon C\u00e9line Fasquelle<\/figcaption><\/figure><\/li><\/ul><\/figure>\n\n\n\n<div class=\"wp-block-image\"><figure class=\"alignleft size-large is-resized\"><img loading=\"lazy\" src=\"https:\/\/salonceline.fr\/wp-content\/uploads\/2020\/11\/IMG_20191119_175535_resized_20201124_090955130.jpg\" alt=\"\" class=\"wp-image-155\" width=\"425\" height=\"566\" srcset=\"https:\/\/salonceline.fr\/wp-content\/uploads\/2020\/11\/IMG_20191119_175535_resized_20201124_090955130.jpg 744w, https:\/\/salonceline.fr\/wp-content\/uploads\/2020\/11\/IMG_20191119_175535_resized_20201124_090955130-225x300.jpg 225w\" sizes=\"(max-width: 425px) 100vw, 425px\" \/><figcaption>Couleur WELLA &#8211; Acajou \/ Coupe carr\u00e9 plongeant &#8211; Salon C\u00e9line Fasquelle<\/figcaption><\/figure><\/div>\n\n\n\n<div class=\"wp-block-image\"><figure class=\"alignright size-large is-resized\"><img loading=\"lazy\" src=\"http:\/\/salonceline.fr\/wp-content\/uploads\/2020\/11\/IMG_20200905_110301_resized_20201124_090658222.jpg\" alt=\"Nuan\u00e7age\" class=\"wp-image-144\" width=\"469\" height=\"625\" srcset=\"https:\/\/salonceline.fr\/wp-content\/uploads\/2020\/11\/IMG_20200905_110301_resized_20201124_090658222.jpg 744w, https:\/\/salonceline.fr\/wp-content\/uploads\/2020\/11\/IMG_20200905_110301_resized_20201124_090658222-225x300.jpg 225w\" sizes=\"(max-width: 469px) 100vw, 469px\" \/><figcaption>Nuan\u00e7age WELLA &#8211; Salon C\u00e9line Fasquelle<\/figcaption><\/figure><\/div>\n\n\n\n<div class=\"wp-block-image\"><figure class=\"aligncenter size-large is-resized\"><img loading=\"lazy\" src=\"http:\/\/salonceline.fr\/wp-content\/uploads\/2020\/11\/IMG_20200225_125543_075.jpg\" alt=\"Coupe \u00e0 blanc\" class=\"wp-image-205\" width=\"582\" height=\"582\" srcset=\"https:\/\/salonceline.fr\/wp-content\/uploads\/2020\/11\/IMG_20200225_125543_075.jpg 926w, https:\/\/salonceline.fr\/wp-content\/uploads\/2020\/11\/IMG_20200225_125543_075-300x300.jpg 300w, https:\/\/salonceline.fr\/wp-content\/uploads\/2020\/11\/IMG_20200225_125543_075-150x150.jpg 150w, https:\/\/salonceline.fr\/wp-content\/uploads\/2020\/11\/IMG_20200225_125543_075-768x768.jpg 768w, https:\/\/salonceline.fr\/wp-content\/uploads\/2020\/11\/IMG_20200225_125543_075-510x510.jpg 510w\" sizes=\"(max-width: 582px) 100vw, 582px\" \/><figcaption>Coupe \u00e0 blanc &#8211; Salon C\u00e9line Fasquelle<\/figcaption><\/figure><\/div>\n\n\n\n<ul class=\"wp-block-social-links\"><\/ul>\n\n\n\n<p class=\"has-text-align-center\">D\u00e9couvrez plus de r\u00e9alisations sur notre <a rel=\"noreferrer noopener\" href=\"https:\/\/www.facebook.com\/Salon-celine-1495880813965394\" target=\"_blank\">page facebook<\/a><\/p>\n\n\n\n<div class=\"wp-block-buttons aligncenter\">\n<div class=\"wp-block-button\"><a class=\"wp-block-button__link\" href=\"https:\/\/salonceline.fr\">Retour Accueil<\/a><\/div>\n<\/div>\n\n\n\n<p><\/p>\n","protected":false},"excerpt":{"rendered":"<p>D\u00e9couvrez un \u00e9chantillon de nos r\u00e9alisations : chignons, couleurs, brushings&#8230; D\u00e9couvrez plus de r\u00e9alisations sur notre page facebook<\/p>\n","protected":false},"author":1,"featured_media":105,"parent":0,"menu_order":0,"comment_status":"closed","ping_status":"closed","template":"","meta":[],"yoast_head":"<!-- This site is optimized with the Yoast SEO plugin v15.3 - https:\/\/yoast.com\/wordpress\/plugins\/seo\/ -->\n<title>Nos R\u00e9alisations - Salon C\u00e9line Fasquelle<\/title>\n<meta name=\"description\" content=\"D\u00e9couvrez un \u00e9chantillon de nos r\u00e9alisations : chignons, couleurs, brushings au salon C\u00e9line Fasquelle, artisan coiffeur \u00e0 Montreuil sur mer\" \/>\n<meta name=\"robots\" content=\"index, follow, max-snippet:-1, max-image-preview:large, max-video-preview:-1\" \/>\n<link rel=\"canonical\" href=\"http:\/\/salonceline.fr\/?page_id=9\" \/>\n<meta property=\"og:locale\" content=\"fr_FR\" \/>\n<meta property=\"og:type\" content=\"article\" \/>\n<meta property=\"og:title\" content=\"Nos R\u00e9alisations - Salon C\u00e9line Fasquelle\" \/>\n<meta property=\"og:description\" content=\"D\u00e9couvrez un \u00e9chantillon de nos r\u00e9alisations : chignons, couleurs, brushings au salon C\u00e9line Fasquelle, artisan coiffeur \u00e0 Montreuil sur mer\" \/>\n<meta property=\"og:url\" content=\"http:\/\/salonceline.fr\/?page_id=9\" \/>\n<meta property=\"og:site_name\" content=\"Salon C\u00e9line Fasquelle\" \/>\n<meta property=\"article:modified_time\" content=\"2020-11-25T17:41:28+00:00\" \/>\n<meta property=\"og:image\" content=\"https:\/\/salonceline.fr\/wp-content\/uploads\/2020\/11\/72545868_2470395026513963_1204473438714986496_n-1.jpg\" \/>\n\t<meta property=\"og:image:width\" content=\"720\" \/>\n\t<meta property=\"og:image:height\" content=\"960\" \/>\n<meta name=\"twitter:card\" content=\"summary_large_image\" \/>\n<meta name=\"twitter:label1\" content=\"\u00c9crit par\">\n\t<meta name=\"twitter:data1\" content=\"admin5699\">\n\t<meta name=\"twitter:label2\" content=\"Dur\u00e9e de lecture est.\">\n\t<meta name=\"twitter:data2\" content=\"0 minute\">\n<script type=\"application\/ld+json\" class=\"yoast-schema-graph\">{\"@context\":\"https:\/\/schema.org\",\"@graph\":[{\"@type\":\"WebSite\",\"@id\":\"http:\/\/salonceline.fr\/#website\",\"url\":\"http:\/\/salonceline.fr\/\",\"name\":\"Salon C\\u00e9line Fasquelle\",\"description\":\"VOTRE ARTISAN COIFFEUR \/ BARBIER A MONTREUIL SUR MER\",\"potentialAction\":[{\"@type\":\"SearchAction\",\"target\":\"http:\/\/salonceline.fr\/?s={search_term_string}\",\"query-input\":\"required name=search_term_string\"}],\"inLanguage\":\"fr-FR\"},{\"@type\":\"ImageObject\",\"@id\":\"http:\/\/salonceline.fr\/?page_id=9#primaryimage\",\"inLanguage\":\"fr-FR\",\"url\":\"https:\/\/salonceline.fr\/wp-content\/uploads\/2020\/11\/72545868_2470395026513963_1204473438714986496_n-1.jpg\",\"width\":720,\"height\":960,\"caption\":\"Chignon Salon C\\u00e9line Fasquelle\"},{\"@type\":\"WebPage\",\"@id\":\"http:\/\/salonceline.fr\/?page_id=9#webpage\",\"url\":\"http:\/\/salonceline.fr\/?page_id=9\",\"name\":\"Nos R\\u00e9alisations - Salon C\\u00e9line Fasquelle\",\"isPartOf\":{\"@id\":\"http:\/\/salonceline.fr\/#website\"},\"primaryImageOfPage\":{\"@id\":\"http:\/\/salonceline.fr\/?page_id=9#primaryimage\"},\"datePublished\":\"2020-10-10T12:16:46+00:00\",\"dateModified\":\"2020-11-25T17:41:28+00:00\",\"description\":\"D\\u00e9couvrez un \\u00e9chantillon de nos r\\u00e9alisations : chignons, couleurs, brushings au salon C\\u00e9line Fasquelle, artisan coiffeur \\u00e0 Montreuil sur mer\",\"inLanguage\":\"fr-FR\",\"potentialAction\":[{\"@type\":\"ReadAction\",\"target\":[\"http:\/\/salonceline.fr\/?page_id=9\"]}]}]}<\/script>\n<!-- \/ Yoast SEO plugin. -->","_links":{"self":[{"href":"https:\/\/salonceline.fr\/index.php?rest_route=\/wp\/v2\/pages\/9"}],"collection":[{"href":"https:\/\/salonceline.fr\/index.php?rest_route=\/wp\/v2\/pages"}],"about":[{"href":"https:\/\/salonceline.fr\/index.php?rest_route=\/wp\/v2\/types\/page"}],"author":[{"embeddable":true,"href":"https:\/\/salonceline.fr\/index.php?rest_route=\/wp\/v2\/users\/1"}],"replies":[{"embeddable":true,"href":"https:\/\/salonceline.fr\/index.php?rest_route=%2Fwp%2Fv2%2Fcomments&post=9"}],"version-history":[{"count":16,"href":"https:\/\/salonceline.fr\/index.php?rest_route=\/wp\/v2\/pages\/9\/revisions"}],"predecessor-version":[{"id":240,"href":"https:\/\/salonceline.fr\/index.php?rest_route=\/wp\/v2\/pages\/9\/revisions\/240"}],"wp:featuredmedia":[{"embeddable":true,"href":"https:\/\/salonceline.fr\/index.php?rest_route=\/wp\/v2\/media\/105"}],"wp:attachment":[{"href":"https:\/\/salonceline.fr\/index.php?rest_route=%2Fwp%2Fv2%2Fmedia&parent=9"}],"curies":[{"name":"wp","href":"https:\/\/api.w.org\/{rel}","templated":true}]}}