{"id":67,"date":"2020-11-17T10:39:44","date_gmt":"2020-11-17T09:39:44","guid":{"rendered":"http:\/\/salonceline.fr\/?page_id=67"},"modified":"2020-11-25T18:51:45","modified_gmt":"2020-11-25T17:51:45","slug":"nos-prestations","status":"publish","type":"page","link":"https:\/\/salonceline.fr\/?page_id=67","title":{"rendered":"Toutes nos prestations &#8230;"},"content":{"rendered":"\n<p>Nous utilisons l&rsquo;ensemble des produits de la marque <strong><span style=\"color:#8a0505\" class=\"has-inline-color\">WELLA<\/span><\/strong>, grande marque professionnelle depuis 130 ans. <\/p>\n\n\n\n<p>Les produits <strong><span style=\"color:#8a0505\" class=\"has-inline-color\">WELLA<\/span><\/strong> sont reconnus mondialement pour \u00eatre des produits de grande qualit\u00e9 ; aussi nous nous engageons \u00e0 n&rsquo;utiliser, pour les colorations, les m\u00e8ches et balayages, les permanentes, les shampooings et les soins, que des produits de la marque <strong><span style=\"color:#8a0505\" class=\"has-inline-color\">WELLA<\/span><\/strong> et <strong><span style=\"color:#8a0505\" class=\"has-inline-color\">SYSTEM PROFESSIONNA<\/span><span class=\"has-inline-color has-vivid-red-color\">L<\/span><\/strong> (gamme sup\u00e9rieure de la marque WELLA). <\/p>\n\n\n\n<p>Le salon offre \u00e9galement une gamme de produits 100% bio (shampooings et soins), ainsi qu&rsquo;une coloration 100% v\u00e9g\u00e9tale, avec la marque <strong><span style=\"color:#8a0505\" class=\"has-inline-color\">VEGETAL&rsquo;EMOI<\/span><\/strong> (voir notre page d\u00e9di\u00e9e \u00e0 la <a href=\"https:\/\/salonceline.fr\/?page_id=96\">coloration v\u00e9g\u00e9tale<\/a>).<\/p>\n\n\n\n<p>Enfin, pour nos prestations de barbier, nous utilisons la gamme <strong><span style=\"color:#8a0505\" class=\"has-inline-color\">SEB MAN<\/span><\/strong>, sp\u00e9cialiste en soins masculins (voir notre <a href=\"https:\/\/salonceline.fr\/?page_id=134\">page d\u00e9di\u00e9e<\/a>).<\/p>\n\n\n\n<p><\/p>\n\n\n\n<p><span style=\"color:#81805a\" class=\"has-inline-color\">Nos prestations sont les suivantes :<\/span><\/p>\n\n\n\n<ul><li><span style=\"color:#81805a\" class=\"has-inline-color\">Coupes (homme, femme, enfant) : coupes traditionnelles aux ciseaux, rasoirs, d\u00e9grad\u00e9s \u00e0 blanc \u00e0 la tondeuse, coupes transformation etc &#8230;<\/span><\/li><li><span style=\"color:#81805a\" class=\"has-inline-color\">Brushings, coiffages, lissages et mises en plis<\/span><\/li><li><span style=\"color:#81805a\" class=\"has-inline-color\">Colorations (chimique ou v\u00e9g\u00e9tale)<\/span><\/li><li><span style=\"color:#81805a\" class=\"has-inline-color\">D\u00e9colorations<\/span><\/li><li><span style=\"color:#81805a\" class=\"has-inline-color\">M\u00e8ches : m\u00e8ches envelopp\u00e9es, balayages, paintings et ombr\u00e9s<\/span><\/li><li><span style=\"color:#81805a\" class=\"has-inline-color\">Patines<\/span><\/li><li><span style=\"color:#81805a\" class=\"has-inline-color\">Permanentes, d\u00e9frisages<\/span><\/li><li><span style=\"color:#81805a\" class=\"has-inline-color\">Chignons : simples et sophistiqu\u00e9s (mariages, c\u00e9r\u00e9monies, f\u00eates)<\/span><\/li><li><span style=\"color:#81805a\" class=\"has-inline-color\">Barbes : tailles de barbes et rasages<\/span><\/li><li><span style=\"color:#81805a\" class=\"has-inline-color\">Soins : Soins bio masques d&rsquo;argile et huiles essentielles ; Soins profonds (massages et serviettes chaudes) ; D\u00e9m\u00ealants. <\/span><\/li><\/ul>\n\n\n\n<figure class=\"wp-block-pullquote\"><blockquote><p><em>Nous sommes \u00e0 votre disposition pour vous proposer \u00e0 la vente les produits et soins les plus adapt\u00e9s \u00e0 vos cheveux et cuirs chevelus.<\/em><\/p><\/blockquote><\/figure>\n\n\n\n<p><\/p>\n\n\n\n<p><\/p>\n\n\n\n<p><strong><em><span style=\"color:#81805a\" class=\"has-inline-color\">Envie de vous faire dorloter davantage ? Pourquoi ne profiteriez-vous pas de votre passage au salon pour r\u00e9aliser un maquillage ou une manucure ? C\u00e9line, notre esth\u00e9ticienne partenaire, vous propose ses prestations sur RDV. N&rsquo;h\u00e9sitez pas \u00e0 nous appeler au 03 21 06 09 92 !<\/span><\/em><\/strong><\/p>\n\n\n\n<p><\/p>\n\n\n\n<p><\/p>\n\n\n\n<p><\/p>\n\n\n\n<div class=\"wp-block-media-text alignwide is-stacked-on-mobile is-vertically-aligned-center\" style=\"grid-template-columns:22% auto\"><figure class=\"wp-block-media-text__media\"><a href=\"https:\/\/salonceline.fr\/?page_id=96\"><img loading=\"lazy\" width=\"225\" height=\"225\" src=\"http:\/\/salonceline.fr\/wp-content\/uploads\/2020\/11\/ve\u0301ge\u0301tal-e\u0301moi.png\" alt=\"Coloration v\u00e9g\u00e9tale\" class=\"wp-image-127\" srcset=\"https:\/\/salonceline.fr\/wp-content\/uploads\/2020\/11\/ve\u0301ge\u0301tal-e\u0301moi.png 225w, https:\/\/salonceline.fr\/wp-content\/uploads\/2020\/11\/ve\u0301ge\u0301tal-e\u0301moi-150x150.png 150w\" sizes=\"(max-width: 225px) 100vw, 225px\" \/><\/a><\/figure><div class=\"wp-block-media-text__content\">\n<p class=\"has-large-font-size\"><em><span style=\"color:#1e1a40\" class=\"has-inline-color\">Pour des pr\u00e9cisions sur la coloration 100% v\u00e9g\u00e9tale, cliquez sur l&rsquo;image &#8230;<\/span><\/em><\/p>\n<\/div><\/div>\n\n\n\n<p><\/p>\n\n\n\n<div class=\"wp-block-media-text alignwide is-stacked-on-mobile\" style=\"grid-template-columns:22% auto\"><figure class=\"wp-block-media-text__media\"><a href=\"https:\/\/salonceline.fr\/?page_id=134\"><img loading=\"lazy\" width=\"908\" height=\"605\" src=\"http:\/\/salonceline.fr\/wp-content\/uploads\/2020\/11\/barbier-actuel.jpg\" alt=\"Barbier Montreuil sur mer\" class=\"wp-image-217\" srcset=\"https:\/\/salonceline.fr\/wp-content\/uploads\/2020\/11\/barbier-actuel.jpg 908w, https:\/\/salonceline.fr\/wp-content\/uploads\/2020\/11\/barbier-actuel-300x200.jpg 300w, https:\/\/salonceline.fr\/wp-content\/uploads\/2020\/11\/barbier-actuel-768x512.jpg 768w\" sizes=\"(max-width: 908px) 100vw, 908px\" \/><\/a><\/figure><div class=\"wp-block-media-text__content\">\n<p class=\"has-large-font-size\"><em><span style=\"color:#1e1a40\" class=\"has-inline-color\">Pour des pr\u00e9cisions sur nos prestations Barbier, cliquez sur l&rsquo;image &#8230;<\/span><\/em><\/p>\n<\/div><\/div>\n\n\n\n<p><\/p>\n\n\n\n<p><\/p>\n\n\n\n<div class=\"wp-block-buttons aligncenter\">\n<div class=\"wp-block-button\"><a class=\"wp-block-button__link\" href=\"https:\/\/salonceline.fr\">Retour Accueil<\/a><\/div>\n<\/div>\n\n\n\n<p><\/p>\n","protected":false},"excerpt":{"rendered":"<p>Nous utilisons l&rsquo;ensemble des produits de la marque WELLA, grande marque professionnelle depuis 130 ans. Les produits WELLA sont reconnus mondialement pour \u00eatre des produits de grande qualit\u00e9 ; aussi nous nous engageons \u00e0 n&rsquo;utiliser, pour les colorations, les m\u00e8ches et balayages, les permanentes, les shampooings et les soins, que des produits de la marque [&hellip;]<\/p>\n","protected":false},"author":2,"featured_media":0,"parent":0,"menu_order":0,"comment_status":"closed","ping_status":"closed","template":"","meta":[],"yoast_head":"<!-- This site is optimized with the Yoast SEO plugin v15.3 - https:\/\/yoast.com\/wordpress\/plugins\/seo\/ -->\n<title>Toutes nos prestations ... - Salon C\u00e9line Fasquelle<\/title>\n<meta name=\"robots\" content=\"index, follow, max-snippet:-1, max-image-preview:large, max-video-preview:-1\" \/>\n<link rel=\"canonical\" href=\"http:\/\/salonceline.fr\/?page_id=67\" \/>\n<meta property=\"og:locale\" content=\"fr_FR\" \/>\n<meta property=\"og:type\" content=\"article\" \/>\n<meta property=\"og:title\" content=\"Toutes nos prestations ... - Salon C\u00e9line Fasquelle\" \/>\n<meta property=\"og:description\" content=\"Nous utilisons l&rsquo;ensemble des produits de la marque WELLA, grande marque professionnelle depuis 130 ans. Les produits WELLA sont reconnus mondialement pour \u00eatre des produits de grande qualit\u00e9 ; aussi nous nous engageons \u00e0 n&rsquo;utiliser, pour les colorations, les m\u00e8ches et balayages, les permanentes, les shampooings et les soins, que des produits de la marque [&hellip;]\" \/>\n<meta property=\"og:url\" content=\"http:\/\/salonceline.fr\/?page_id=67\" \/>\n<meta property=\"og:site_name\" content=\"Salon C\u00e9line Fasquelle\" \/>\n<meta property=\"article:modified_time\" content=\"2020-11-25T17:51:45+00:00\" \/>\n<meta property=\"og:image\" content=\"http:\/\/salonceline.fr\/wp-content\/uploads\/2020\/11\/ve\u0301ge\u0301tal-e\u0301moi.png\" \/>\n<meta name=\"twitter:card\" content=\"summary_large_image\" \/>\n<meta name=\"twitter:label1\" content=\"\u00c9crit par\">\n\t<meta name=\"twitter:data1\" content=\"Marion Vandewalle\">\n\t<meta name=\"twitter:label2\" content=\"Dur\u00e9e de lecture est.\">\n\t<meta name=\"twitter:data2\" content=\"1 minute\">\n<script type=\"application\/ld+json\" class=\"yoast-schema-graph\">{\"@context\":\"https:\/\/schema.org\",\"@graph\":[{\"@type\":\"WebSite\",\"@id\":\"http:\/\/salonceline.fr\/#website\",\"url\":\"http:\/\/salonceline.fr\/\",\"name\":\"Salon C\\u00e9line Fasquelle\",\"description\":\"VOTRE ARTISAN COIFFEUR \/ BARBIER A MONTREUIL SUR MER\",\"potentialAction\":[{\"@type\":\"SearchAction\",\"target\":\"http:\/\/salonceline.fr\/?s={search_term_string}\",\"query-input\":\"required name=search_term_string\"}],\"inLanguage\":\"fr-FR\"},{\"@type\":\"ImageObject\",\"@id\":\"http:\/\/salonceline.fr\/?page_id=67#primaryimage\",\"inLanguage\":\"fr-FR\",\"url\":\"http:\/\/salonceline.fr\/wp-content\/uploads\/2020\/11\/ve\\u0301ge\\u0301tal-e\\u0301moi.png\"},{\"@type\":\"WebPage\",\"@id\":\"http:\/\/salonceline.fr\/?page_id=67#webpage\",\"url\":\"http:\/\/salonceline.fr\/?page_id=67\",\"name\":\"Toutes nos prestations ... - Salon C\\u00e9line Fasquelle\",\"isPartOf\":{\"@id\":\"http:\/\/salonceline.fr\/#website\"},\"primaryImageOfPage\":{\"@id\":\"http:\/\/salonceline.fr\/?page_id=67#primaryimage\"},\"datePublished\":\"2020-11-17T09:39:44+00:00\",\"dateModified\":\"2020-11-25T17:51:45+00:00\",\"inLanguage\":\"fr-FR\",\"potentialAction\":[{\"@type\":\"ReadAction\",\"target\":[\"http:\/\/salonceline.fr\/?page_id=67\"]}]}]}<\/script>\n<!-- \/ Yoast SEO plugin. -->","_links":{"self":[{"href":"https:\/\/salonceline.fr\/index.php?rest_route=\/wp\/v2\/pages\/67"}],"collection":[{"href":"https:\/\/salonceline.fr\/index.php?rest_route=\/wp\/v2\/pages"}],"about":[{"href":"https:\/\/salonceline.fr\/index.php?rest_route=\/wp\/v2\/types\/page"}],"author":[{"embeddable":true,"href":"https:\/\/salonceline.fr\/index.php?rest_route=\/wp\/v2\/users\/2"}],"replies":[{"embeddable":true,"href":"https:\/\/salonceline.fr\/index.php?rest_route=%2Fwp%2Fv2%2Fcomments&post=67"}],"version-history":[{"count":9,"href":"https:\/\/salonceline.fr\/index.php?rest_route=\/wp\/v2\/pages\/67\/revisions"}],"predecessor-version":[{"id":244,"href":"https:\/\/salonceline.fr\/index.php?rest_route=\/wp\/v2\/pages\/67\/revisions\/244"}],"wp:attachment":[{"href":"https:\/\/salonceline.fr\/index.php?rest_route=%2Fwp%2Fv2%2Fmedia&parent=67"}],"curies":[{"name":"wp","href":"https:\/\/api.w.org\/{rel}","templated":true}]}}