{"id":213,"date":"2020-11-24T13:51:17","date_gmt":"2020-11-24T12:51:17","guid":{"rendered":"http:\/\/salonceline.fr\/?page_id=213"},"modified":"2020-11-25T19:26:37","modified_gmt":"2020-11-25T18:26:37","slug":"nos-prestations-2","status":"publish","type":"page","link":"https:\/\/salonceline.fr\/?page_id=213","title":{"rendered":"Nos prestations"},"content":{"rendered":"\n<p><\/p>\n\n\n\n<div class=\"wp-block-image\"><figure class=\"aligncenter size-large is-resized\"><a href=\"https:\/\/salonceline.fr\/?page_id=67\"><img loading=\"lazy\" src=\"http:\/\/salonceline.fr\/wp-content\/uploads\/2020\/11\/fillette-coupe-1024x512.gif\" alt=\"Coiffure salon C\u00e9line\" class=\"wp-image-111\" width=\"454\" height=\"228\" srcset=\"https:\/\/salonceline.fr\/wp-content\/uploads\/2020\/11\/fillette-coupe-1024x512.gif 1024w, https:\/\/salonceline.fr\/wp-content\/uploads\/2020\/11\/fillette-coupe-300x150.gif 300w, https:\/\/salonceline.fr\/wp-content\/uploads\/2020\/11\/fillette-coupe-768x384.gif 768w\" sizes=\"(max-width: 454px) 100vw, 454px\" \/><\/a><figcaption>Toutes nos prestations<\/figcaption><\/figure><\/div>\n\n\n\n<div class=\"wp-block-image\"><figure class=\"aligncenter size-large is-resized\"><a href=\"https:\/\/salonceline.fr\/?page_id=96\"><img loading=\"lazy\" src=\"http:\/\/salonceline.fr\/wp-content\/uploads\/2020\/11\/coloration-ve\u0301ge\u0301tale.jpg\" alt=\"Coloration v\u00e9g\u00e9tale\" class=\"wp-image-126\" width=\"582\" height=\"162\" srcset=\"https:\/\/salonceline.fr\/wp-content\/uploads\/2020\/11\/coloration-ve\u0301ge\u0301tale.jpg 1000w, https:\/\/salonceline.fr\/wp-content\/uploads\/2020\/11\/coloration-ve\u0301ge\u0301tale-300x84.jpg 300w, https:\/\/salonceline.fr\/wp-content\/uploads\/2020\/11\/coloration-ve\u0301ge\u0301tale-768x214.jpg 768w\" sizes=\"(max-width: 582px) 100vw, 582px\" \/><\/a><figcaption>Coloration v\u00e9g\u00e9tale &#8211; Salon C\u00e9line Fasquelle<\/figcaption><\/figure><\/div>\n\n\n\n<div class=\"wp-block-image\"><figure class=\"aligncenter size-large is-resized\"><a href=\"https:\/\/salonceline.fr\/?page_id=134\"><img loading=\"lazy\" src=\"http:\/\/salonceline.fr\/wp-content\/uploads\/2020\/11\/DSCF4228-1-768x1024.jpg\" alt=\"Barbier Montreuil sur mer\" class=\"wp-image-187\" width=\"400\" height=\"533\" srcset=\"https:\/\/salonceline.fr\/wp-content\/uploads\/2020\/11\/DSCF4228-1-768x1024.jpg 768w, https:\/\/salonceline.fr\/wp-content\/uploads\/2020\/11\/DSCF4228-1-225x300.jpg 225w, https:\/\/salonceline.fr\/wp-content\/uploads\/2020\/11\/DSCF4228-1-1152x1536.jpg 1152w, https:\/\/salonceline.fr\/wp-content\/uploads\/2020\/11\/DSCF4228-1-1536x2048.jpg 1536w, https:\/\/salonceline.fr\/wp-content\/uploads\/2020\/11\/DSCF4228-1-scaled.jpg 1920w\" sizes=\"(max-width: 400px) 100vw, 400px\" \/><\/a><figcaption>Barbier &#8211; Salon C\u00e9line Fasquelle<\/figcaption><\/figure><\/div>\n\n\n\n<p><\/p>\n\n\n\n<div class=\"wp-block-cover has-background-dim\" style=\"background-image:url(http:\/\/salonceline.fr\/wp-content\/uploads\/2020\/11\/esthe\u0301ticienne.jpg);min-height:433px\"><div class=\"wp-block-cover__inner-container\">\n<p class=\"has-text-align-center has-medium-font-size\"><strong><span style=\"color:#930404\" class=\"has-inline-color\">Envie d&rsquo;une manucure ou d&rsquo;un maquillage &#8230; ?<\/span><\/strong> Nous vous proposons des prestations d&rsquo;esth\u00e9tique, en partenariat avec C\u00e9line, esth\u00e9ticienne \u00e0 domicile. C\u00e9line intervient sur RDV dans votre salon de coiffure, pour mieux vous servir.<\/p>\n<\/div><\/div>\n\n\n\n<p><\/p>\n","protected":false},"excerpt":{"rendered":"","protected":false},"author":1,"featured_media":0,"parent":0,"menu_order":0,"comment_status":"closed","ping_status":"closed","template":"","meta":[],"yoast_head":"<!-- This site is optimized with the Yoast SEO plugin v15.3 - https:\/\/yoast.com\/wordpress\/plugins\/seo\/ -->\n<title>Nos prestations - Salon C\u00e9line Fasquelle<\/title>\n<meta name=\"description\" content=\"D\u00e9couvrez toutes nos prestations coiffure et barbe pour femme homme et enfant, au salon C\u00e9line Fasquelle de Montreuil-sur-Mer\" \/>\n<meta name=\"robots\" content=\"index, follow, max-snippet:-1, max-image-preview:large, max-video-preview:-1\" \/>\n<link rel=\"canonical\" href=\"http:\/\/salonceline.fr\/?page_id=213\" \/>\n<meta property=\"og:locale\" content=\"fr_FR\" \/>\n<meta property=\"og:type\" content=\"article\" \/>\n<meta property=\"og:title\" content=\"Nos prestations - Salon C\u00e9line Fasquelle\" \/>\n<meta property=\"og:description\" content=\"D\u00e9couvrez toutes nos prestations coiffure et barbe pour femme homme et enfant, au salon C\u00e9line Fasquelle de Montreuil-sur-Mer\" \/>\n<meta property=\"og:url\" content=\"http:\/\/salonceline.fr\/?page_id=213\" \/>\n<meta property=\"og:site_name\" content=\"Salon C\u00e9line Fasquelle\" \/>\n<meta property=\"article:modified_time\" content=\"2020-11-25T18:26:37+00:00\" \/>\n<meta property=\"og:image\" content=\"http:\/\/salonceline.fr\/wp-content\/uploads\/2020\/11\/fillette-coupe-1024x512.gif\" \/>\n<meta name=\"twitter:card\" content=\"summary_large_image\" \/>\n<meta name=\"twitter:label1\" content=\"\u00c9crit par\">\n\t<meta name=\"twitter:data1\" content=\"admin5699\">\n\t<meta name=\"twitter:label2\" content=\"Dur\u00e9e de lecture est.\">\n\t<meta name=\"twitter:data2\" content=\"0 minute\">\n<script type=\"application\/ld+json\" class=\"yoast-schema-graph\">{\"@context\":\"https:\/\/schema.org\",\"@graph\":[{\"@type\":\"WebSite\",\"@id\":\"http:\/\/salonceline.fr\/#website\",\"url\":\"http:\/\/salonceline.fr\/\",\"name\":\"Salon C\\u00e9line Fasquelle\",\"description\":\"VOTRE ARTISAN COIFFEUR \/ BARBIER A MONTREUIL SUR MER\",\"potentialAction\":[{\"@type\":\"SearchAction\",\"target\":\"http:\/\/salonceline.fr\/?s={search_term_string}\",\"query-input\":\"required name=search_term_string\"}],\"inLanguage\":\"fr-FR\"},{\"@type\":\"ImageObject\",\"@id\":\"http:\/\/salonceline.fr\/?page_id=213#primaryimage\",\"inLanguage\":\"fr-FR\",\"url\":\"http:\/\/salonceline.fr\/wp-content\/uploads\/2020\/11\/fillette-coupe-1024x512.gif\"},{\"@type\":\"WebPage\",\"@id\":\"http:\/\/salonceline.fr\/?page_id=213#webpage\",\"url\":\"http:\/\/salonceline.fr\/?page_id=213\",\"name\":\"Nos prestations - Salon C\\u00e9line Fasquelle\",\"isPartOf\":{\"@id\":\"http:\/\/salonceline.fr\/#website\"},\"primaryImageOfPage\":{\"@id\":\"http:\/\/salonceline.fr\/?page_id=213#primaryimage\"},\"datePublished\":\"2020-11-24T12:51:17+00:00\",\"dateModified\":\"2020-11-25T18:26:37+00:00\",\"description\":\"D\\u00e9couvrez toutes nos prestations coiffure et barbe pour femme homme et enfant, au salon C\\u00e9line Fasquelle de Montreuil-sur-Mer\",\"inLanguage\":\"fr-FR\",\"potentialAction\":[{\"@type\":\"ReadAction\",\"target\":[\"http:\/\/salonceline.fr\/?page_id=213\"]}]}]}<\/script>\n<!-- \/ Yoast SEO plugin. -->","_links":{"self":[{"href":"https:\/\/salonceline.fr\/index.php?rest_route=\/wp\/v2\/pages\/213"}],"collection":[{"href":"https:\/\/salonceline.fr\/index.php?rest_route=\/wp\/v2\/pages"}],"about":[{"href":"https:\/\/salonceline.fr\/index.php?rest_route=\/wp\/v2\/types\/page"}],"author":[{"embeddable":true,"href":"https:\/\/salonceline.fr\/index.php?rest_route=\/wp\/v2\/users\/1"}],"replies":[{"embeddable":true,"href":"https:\/\/salonceline.fr\/index.php?rest_route=%2Fwp%2Fv2%2Fcomments&post=213"}],"version-history":[{"count":4,"href":"https:\/\/salonceline.fr\/index.php?rest_route=\/wp\/v2\/pages\/213\/revisions"}],"predecessor-version":[{"id":234,"href":"https:\/\/salonceline.fr\/index.php?rest_route=\/wp\/v2\/pages\/213\/revisions\/234"}],"wp:attachment":[{"href":"https:\/\/salonceline.fr\/index.php?rest_route=%2Fwp%2Fv2%2Fmedia&parent=213"}],"curies":[{"name":"wp","href":"https:\/\/api.w.org\/{rel}","templated":true}]}}