{"id":134,"date":"2020-11-22T11:28:27","date_gmt":"2020-11-22T10:28:27","guid":{"rendered":"http:\/\/salonceline.fr\/?page_id=134"},"modified":"2020-11-25T16:14:23","modified_gmt":"2020-11-25T15:14:23","slug":"le-soin-de-la-barbe-au-salon-celine-fasquelle-de-montreuil-sur-mer","status":"publish","type":"page","link":"https:\/\/salonceline.fr\/?page_id=134","title":{"rendered":"Le soin de la Barbe"},"content":{"rendered":"\n<p><span style=\"color:#02709f\" class=\"has-inline-color\">Form\u00e9es et qualifi\u00e9es dans le soin et la taille de la barbe, nos deux sp\u00e9cialistes \u00ab\u00a0Justine et Justine\u00a0\u00bb sont \u00e0 votre disposition pour vous proposer diverses prestations Barbier :<\/span><\/p>\n\n\n\n<ul><li><strong><em>Taille de barbe seule<\/em><\/strong><\/li><li><strong><em>Taille de barbe et rasage contour, avec serviette chaude<\/em><\/strong><\/li><li><strong><em>Rasage complet avec serviette chaude<\/em><\/strong><\/li><\/ul>\n\n\n\n<p><\/p>\n\n\n\n<p><\/p>\n\n\n\n<div class=\"wp-block-columns\">\n<div class=\"wp-block-column\">\n<figure class=\"wp-block-image size-large is-style-default\"><img loading=\"lazy\" width=\"1024\" height=\"768\" src=\"http:\/\/salonceline.fr\/wp-content\/uploads\/2020\/11\/120725988_2772275136325949_9097267082789852954_o-edited-1024x768.jpg\" alt=\"Soin de la barbe\" class=\"wp-image-135\" srcset=\"https:\/\/salonceline.fr\/wp-content\/uploads\/2020\/11\/120725988_2772275136325949_9097267082789852954_o-edited-1024x768.jpg 1024w, https:\/\/salonceline.fr\/wp-content\/uploads\/2020\/11\/120725988_2772275136325949_9097267082789852954_o-edited-300x225.jpg 300w, https:\/\/salonceline.fr\/wp-content\/uploads\/2020\/11\/120725988_2772275136325949_9097267082789852954_o-edited-768x576.jpg 768w, https:\/\/salonceline.fr\/wp-content\/uploads\/2020\/11\/120725988_2772275136325949_9097267082789852954_o-edited.jpg 1511w\" sizes=\"(max-width: 1024px) 100vw, 1024px\" \/><figcaption>Salon C\u00e9line &#8211; Montreuil sur mer &#8211; Barbier<\/figcaption><\/figure>\n<\/div>\n\n\n\n<div class=\"wp-block-column\">\n<p>Pour notre soin de la barbe, <span style=\"color:#056088\" class=\"has-inline-color\">nous utilisons la gamme de produits <strong>SEB MAN<\/strong>, gamme compl\u00e8te de soin et coiffage cheveux et barbe : shampooings, soins, conditionneurs, gels, cr\u00e8mes \u00e0 raser, etc &#8230;<\/span><\/p>\n<\/div>\n<\/div>\n\n\n\n<div class=\"wp-block-image\"><figure class=\"aligncenter size-large is-resized\"><img loading=\"lazy\" src=\"http:\/\/salonceline.fr\/wp-content\/uploads\/2020\/11\/DSCF4226-1-768x1024.jpg\" alt=\"Gamme SEBMAN soin de la barve\" class=\"wp-image-208\" width=\"429\" height=\"572\" srcset=\"https:\/\/salonceline.fr\/wp-content\/uploads\/2020\/11\/DSCF4226-1-768x1024.jpg 768w, https:\/\/salonceline.fr\/wp-content\/uploads\/2020\/11\/DSCF4226-1-225x300.jpg 225w, https:\/\/salonceline.fr\/wp-content\/uploads\/2020\/11\/DSCF4226-1-1152x1536.jpg 1152w, https:\/\/salonceline.fr\/wp-content\/uploads\/2020\/11\/DSCF4226-1-1536x2048.jpg 1536w, https:\/\/salonceline.fr\/wp-content\/uploads\/2020\/11\/DSCF4226-1-scaled.jpg 1920w\" sizes=\"(max-width: 429px) 100vw, 429px\" \/><figcaption>Gamme SEBMAN<\/figcaption><\/figure><\/div>\n\n\n\n<div class=\"wp-block-buttons aligncenter\">\n<div class=\"wp-block-button\"><a class=\"wp-block-button__link\" href=\"https:\/\/salonceline.fr\">Retour Accueil<\/a><\/div>\n<\/div>\n\n\n\n<p><\/p>\n","protected":false},"excerpt":{"rendered":"<p>Form\u00e9es et qualifi\u00e9es dans le soin et la taille de la barbe, nos deux sp\u00e9cialistes \u00ab\u00a0Justine et Justine\u00a0\u00bb sont \u00e0 votre disposition pour vous proposer diverses prestations Barbier : Taille de barbe seule Taille de barbe et rasage contour, avec serviette chaude Rasage complet avec serviette chaude Pour notre soin de la barbe, nous utilisons [&hellip;]<\/p>\n","protected":false},"author":1,"featured_media":0,"parent":0,"menu_order":0,"comment_status":"closed","ping_status":"closed","template":"","meta":[],"yoast_head":"<!-- This site is optimized with the Yoast SEO plugin v15.3 - https:\/\/yoast.com\/wordpress\/plugins\/seo\/ -->\n<title>Le soin de la Barbe - Salon C\u00e9line Fasquelle<\/title>\n<meta name=\"description\" content=\"Le soin de la barbe, barbier pour hommes \u00e0 d\u00e9couvrir au salon de coiffure C\u00e9line Fasquelle \u00e0 Montreuil sur mer - Artisan coiffeur\" \/>\n<meta name=\"robots\" content=\"index, follow, max-snippet:-1, max-image-preview:large, max-video-preview:-1\" \/>\n<link rel=\"canonical\" href=\"https:\/\/salonceline.fr\/?page_id=134\" \/>\n<meta property=\"og:locale\" content=\"fr_FR\" \/>\n<meta property=\"og:type\" content=\"article\" \/>\n<meta property=\"og:title\" content=\"Le soin de la Barbe - Salon C\u00e9line Fasquelle\" \/>\n<meta property=\"og:description\" content=\"Le soin de la barbe, barbier pour hommes \u00e0 d\u00e9couvrir au salon de coiffure C\u00e9line Fasquelle \u00e0 Montreuil sur mer - Artisan coiffeur\" \/>\n<meta property=\"og:url\" content=\"https:\/\/salonceline.fr\/?page_id=134\" \/>\n<meta property=\"og:site_name\" content=\"Salon C\u00e9line Fasquelle\" \/>\n<meta property=\"article:modified_time\" content=\"2020-11-25T15:14:23+00:00\" \/>\n<meta property=\"og:image\" content=\"http:\/\/salonceline.fr\/wp-content\/uploads\/2020\/11\/120725988_2772275136325949_9097267082789852954_o-edited-1024x768.jpg\" \/>\n<meta name=\"twitter:card\" content=\"summary_large_image\" \/>\n<meta name=\"twitter:label1\" content=\"\u00c9crit par\">\n\t<meta name=\"twitter:data1\" content=\"admin5699\">\n\t<meta name=\"twitter:label2\" content=\"Dur\u00e9e de lecture est.\">\n\t<meta name=\"twitter:data2\" content=\"0 minute\">\n<script type=\"application\/ld+json\" class=\"yoast-schema-graph\">{\"@context\":\"https:\/\/schema.org\",\"@graph\":[{\"@type\":\"WebSite\",\"@id\":\"http:\/\/salonceline.fr\/#website\",\"url\":\"http:\/\/salonceline.fr\/\",\"name\":\"Salon C\\u00e9line Fasquelle\",\"description\":\"VOTRE ARTISAN COIFFEUR \/ BARBIER A MONTREUIL SUR MER\",\"potentialAction\":[{\"@type\":\"SearchAction\",\"target\":\"http:\/\/salonceline.fr\/?s={search_term_string}\",\"query-input\":\"required name=search_term_string\"}],\"inLanguage\":\"fr-FR\"},{\"@type\":\"ImageObject\",\"@id\":\"https:\/\/salonceline.fr\/?page_id=134#primaryimage\",\"inLanguage\":\"fr-FR\",\"url\":\"http:\/\/salonceline.fr\/wp-content\/uploads\/2020\/11\/120725988_2772275136325949_9097267082789852954_o-edited-1024x768.jpg\"},{\"@type\":\"WebPage\",\"@id\":\"https:\/\/salonceline.fr\/?page_id=134#webpage\",\"url\":\"https:\/\/salonceline.fr\/?page_id=134\",\"name\":\"Le soin de la Barbe - Salon C\\u00e9line Fasquelle\",\"isPartOf\":{\"@id\":\"http:\/\/salonceline.fr\/#website\"},\"primaryImageOfPage\":{\"@id\":\"https:\/\/salonceline.fr\/?page_id=134#primaryimage\"},\"datePublished\":\"2020-11-22T10:28:27+00:00\",\"dateModified\":\"2020-11-25T15:14:23+00:00\",\"description\":\"Le soin de la barbe, barbier pour hommes \\u00e0 d\\u00e9couvrir au salon de coiffure C\\u00e9line Fasquelle \\u00e0 Montreuil sur mer - Artisan coiffeur\",\"inLanguage\":\"fr-FR\",\"potentialAction\":[{\"@type\":\"ReadAction\",\"target\":[\"https:\/\/salonceline.fr\/?page_id=134\"]}]}]}<\/script>\n<!-- \/ Yoast SEO plugin. -->","_links":{"self":[{"href":"https:\/\/salonceline.fr\/index.php?rest_route=\/wp\/v2\/pages\/134"}],"collection":[{"href":"https:\/\/salonceline.fr\/index.php?rest_route=\/wp\/v2\/pages"}],"about":[{"href":"https:\/\/salonceline.fr\/index.php?rest_route=\/wp\/v2\/types\/page"}],"author":[{"embeddable":true,"href":"https:\/\/salonceline.fr\/index.php?rest_route=\/wp\/v2\/users\/1"}],"replies":[{"embeddable":true,"href":"https:\/\/salonceline.fr\/index.php?rest_route=%2Fwp%2Fv2%2Fcomments&post=134"}],"version-history":[{"count":6,"href":"https:\/\/salonceline.fr\/index.php?rest_route=\/wp\/v2\/pages\/134\/revisions"}],"predecessor-version":[{"id":239,"href":"https:\/\/salonceline.fr\/index.php?rest_route=\/wp\/v2\/pages\/134\/revisions\/239"}],"wp:attachment":[{"href":"https:\/\/salonceline.fr\/index.php?rest_route=%2Fwp%2Fv2%2Fmedia&parent=134"}],"curies":[{"name":"wp","href":"https:\/\/api.w.org\/{rel}","templated":true}]}}